{"id":12236,"date":"2024-12-09T15:17:00","date_gmt":"2024-12-09T14:17:00","guid":{"rendered":"https:\/\/alimentariarrigoni.it\/prodotto\/abbuoto-filari-san-raffaele-lazio-igt-monti-cecubi-2022\/"},"modified":"2025-10-16T15:48:49","modified_gmt":"2025-10-16T13:48:49","slug":"abbuoto-filari-san-raffaele-lazio-igt-monti-cecubi-2022","status":"publish","type":"product","link":"https:\/\/alimentariarrigoni.it\/de\/prodotto\/abbuoto-filari-san-raffaele-lazio-igt-monti-cecubi-2022\/","title":{"rendered":"Abbuoto Filari San Raffaele Lazio IGT Monti Cecubi 2022"},"content":{"rendered":"<div class=\"wpb-content-wrapper\"><p>[vc_row][vc_column width=&#8220;2\/6&#8243;][vc_column_text css=&#8220;&#8220;]<\/p>\n<h2 style=\"text-align: justify;\"><span style=\"font-family: georgia, palatino, serif;\"><strong><span style=\"font-size: 18px;\">CAECUBUS AGER<\/span><\/strong><\/span><\/h2>\n<p style=\"text-align: justify;\"><span style=\"font-family: georgia, palatino, serif; font-size: 16px;\">Im antiken Rom waren die Weine Caecubum und Falernum besonders begehrt, sie stritten bis zum Beginn der Herrschaft des Augustus um den ersten Platz. Gaius Plinius, genannt der \u00c4ltere, hatte keine Zweifel: An erster Stelle stand das Caecubum (Cecubo). Heute versucht eine engagierte \u00d6nologin, es in seinem historischen Anbaugebiet zwischen Fondi, Itri und Sperlonga neu zu erschaffen.<br \/>\n<\/span><\/p>\n<p>[\/vc_column_text][vc_empty_space][vc_single_image image=&#8220;9436&#8243; img_size=&#8220;large&#8220; css=&#8220;&#8220;][vc_empty_space][vc_column_text css=&#8220;&#8220;]<\/p>\n<p style=\"text-align: justify;\"><span style=\"font-family: georgia, palatino, serif; font-size: 16px;\">Wenn man versucht, die Rebsorten der r\u00f6mischen Weine zu identifizieren, st\u00f6\u00dft man oft auf Vermutungen, da die Weine nach ihren Herkunftsgebieten und nicht nach den Trauben benannt wurden. So stammten etwa der Surrentinum, der Beneventanum und der Patavium jeweils von der sorrentinischen Halbinsel, aus dem Gebiet um Benevent und aus dem Raum Padua. Einer der ersten ber\u00fchmten Weine aufgrund seiner Herkunft war der Falernum, erzeugt im Ager Falernus (heutige Provinz Caserta in Kampanien), sehr gesch\u00e4tzt und teuer. Eine Inschrift in Pompeji besagte, dass man f\u00fcr vier Asses Falernischen Wein trinken konnte. Dennoch hielt Plinius der \u00c4ltere den Caecubum f\u00fcr \u00fcberlegen: \u201cantea Caecubum postea Falernum\u201d.<\/span><\/p>\n<p>[\/vc_column_text][vc_empty_space][vc_single_image image=&#8220;9435&#8243; img_size=&#8220;large&#8220; alignment=&#8220;center&#8220; css=&#8220;&#8220;][vc_empty_space][vc_column_text css=&#8220;&#8220;]<\/p>\n<p><span style=\"font-family: georgia, palatino, serif; font-size: 16px;\">Der Caecubum war ein Wein, der im Caecubus Ager erzeugt wurde, jenem Gebiet zwischen Terracina, Sperlonga, Fondi und Itri an der K\u00fcste des s\u00fcdlichen Latiums, wo die Reben in sumpfigem Gel\u00e4nde wuchsen und an Pappeln emporrankten. Er war so selten und kostbar, dass er nur zur Feier denkw\u00fcrdiger Ereignisse verwendet wurde.<br \/>\n<\/span><\/p>\n<p><span style=\"font-family: georgia, palatino, serif; font-size: 16px;\">Nunc est bibendum, nunc pede libero pulsanda tellus\u2026 Caecubum (Horaz, Ode 1,37).<br \/>\n\u201eNun gilt es zu trinken, nun den Boden frei mit dem Fu\u00df zu stampfen beim Tanz, nun den C\u00e4cuber zu trinken\u2026\u201c schrieb Horaz in seinen Oden. Der Anlass zum Fest war der Tod der verhassten Kleopatra \u2013 und gefeiert wurde mit einem edelsten Wein, dem Caecubum.<br \/>\n<\/span><\/p>\n<p>[\/vc_column_text][vc_empty_space][vc_single_image image=&#8220;9371&#8243; img_size=&#8220;large&#8220; css=&#8220;&#8220;][\/vc_column][vc_column width=&#8220;3\/6&#8243;][vc_column_text css=&#8220;&#8220;]<\/p>\n<h1 style=\"text-align: justify;\"><span style=\"font-size: 18px; font-family: georgia, palatino, serif;\"><strong>BESCHREIBUNG<\/strong><\/span><\/h1>\n<p style=\"text-align: justify;\"><span style=\"font-family: georgia, palatino, serif; font-size: 16px;\">Alte autochthone Rebsorte, die im h\u00fcgeligen Vorland von Fondi angebaut wird. Die umliegenden Gegenden am San Puoto See sind seit jeher die Wiege dieser Rebsorte, die ihre besten Eigenschaften im engen Bezug zum Ursprungsboden seit der Antike entfaltet. Der Weinberg liegt an einem sanften Hang und profitiert von einem fruchtbaren, organisch reichen Boden, nicht weit vom Meer entfernt.<\/span><\/p>\n<p style=\"text-align: justify;\"><span style=\"font-family: georgia, palatino, serif; font-size: 16px;\">Die Farbe ist ein tiefes Amarantrot; Aromen von Pflaume und Kirsche verbinden sich mit warmen Noten von Kaffee, Kakao und Tabak. Der Auftakt am Gaumen ist frisch und angenehm salzig. Danach entwickelt sich ein komplexerer Geschmack mit eleganten und cremigen Tanninen. Der Nachklang hinterl\u00e4sst Noten von Zimt und Wacholder.<\/span><\/p>\n<p>[\/vc_column_text][vc_empty_space][vc_single_image image=&#8220;9369&#8243; img_size=&#8220;LARGE&#8220; css=&#8220;&#8220;][vc_empty_space][vc_column_text css=&#8220;&#8220;]<\/p>\n<p><span style=\"font-family: georgia, palatino, serif; font-size: 16px;\"><strong>CAECUS BIBENDUM\u00a0<\/strong><\/span><\/p>\n<p style=\"text-align: justify;\"><span style=\"font-family: georgia, palatino, serif; font-size: 16px;\">A scoprirlo e diffonderlo a Roma \u00e8 assai probabile che sia stato il Censore<strong>\u00a0Appio Claudio Ceco,<\/strong>\u00a0colui che nel <strong>312 a.C.<\/strong> diede inizio alla costruzione della\u00a0<strong>via Appia<\/strong>. Giunti tra Fondi e Formia, i lavori della strada rallentarono a causa della conformazione rocciosa delle colline, e il censore romano, non vedente, ebbe tempo e modo di conoscere meglio quei territori, venendo a conoscenza di un eccellente vino locale, che, portato a Roma, prese il suo nome, cos\u00ec come tutto l\u2019areale di produzione. C\u00e8cubo, infatti, viene da\u00a0<em><strong>caecus bibendum\u00a0<\/strong><\/em>\u201cil cieco che beve\u201d.<\/span><\/p>\n<p>[\/vc_column_text][vc_empty_space][vc_column_text css=&#8220;&#8220;]<\/p>\n<p style=\"text-align: justify;\"><span style=\"font-family: georgia, palatino, serif; font-size: 16px;\"><strong>VITIGNI AUTOCTONI RITROVATI<\/strong><\/span><\/p>\n<p style=\"text-align: justify;\"><span style=\"font-family: georgia, palatino, serif; font-size: 16px;\">Non \u00e8 facile risalire ai vitigni dei vini romani, ma per il C\u00e8cubo abbiamo alcune testimonianze. Si ritiene che fosse prodotto con due vitigni principali, tra cui<strong>l\u2019Uva serpe<\/strong>, menzionata da Columella nel 1\u00b0 secolo d.C. con il nome greco &#8222;dracontion&#8220; (serpente), utilizzata per un vino robusto.<\/span><br \/>\n<span style=\"font-family: georgia, palatino, serif; font-size: 16px;\">L\u2019altro vitigno antico del Caecubus Ager \u00e8 <strong>l\u2019Abbu\u00f2to<\/strong>, che alcuni identificano con il nome Caecubum. Questo vitigno era coltivato vicino a Fondi e Itri, nel Caecubus Ager, attorno al<strong> lago Pu\u00f2to<\/strong> (da cui il nome Abbu\u00f2to). Le analisi genetiche confermano che questa variet\u00e0 \u00e8 rimasta localizzata nell\u2019area.<\/span><\/p>\n<p>[\/vc_column_text][vc_empty_space][vc_single_image image=&#8220;9425&#8243; img_size=&#8220;large&#8220; alignment=&#8220;center&#8220; css=&#8220;&#8220;][vc_column_text css=&#8220;&#8220;]<\/p>\n<h3 style=\"text-align: justify;\"><span style=\"font-family: georgia, palatino, serif; font-size: 18px;\"><strong>MONTI CECUBI<\/strong><\/span><\/h3>\n<p style=\"text-align: justify;\"><span style=\"font-family: georgia, palatino, serif; font-size: 16px;\">L\u2019Azienda Agricola Monti Cecubi si trova a <strong>Itri<\/strong>, nel Lazio in provincia di Latina, sulle colline a vista del mare di <strong>Sperlonga<\/strong>, terra d\u2019origine dell\u2019antico Vino Cecubo, tradizione risalente all\u2019epoca<\/span><br \/>\n<span style=\"font-family: georgia, palatino, serif; font-size: 16px;\">della Roma repubblicana.<\/span><\/p>\n<p>[\/vc_column_text][vc_column_text css=&#8220;&#8220;]<\/p>\n<div style=\"text-align: justify;\"><span style=\"font-size: 16px; font-family: georgia, palatino, serif;\">Nel luogo dove duemila anni fa si estendeva il Caecubus Ager, alla fine degli anni &#8217;90, il notaio Antonio Schettino acquist\u00f2 una masseria di circa 100 ettari, situata su una collina nel comune di Itri. Qui si trovavano piccole vigne di vitigni autoctoni locali, tra cui l&#8217;Uva Serpe e l&#8217;Abbuoto. Oggi la propriet\u00e0 comprende 6 ettari di uliveto e circa 17 ettari di vigneto, dove le marze delle antiche vigne trovate sono state utilizzate per impiantare nuovi vigneti.<\/span><\/div>\n<p style=\"text-align: justify;\"><span style=\"font-size: 16px; font-family: georgia, palatino, serif;\"><strong>Chiara Fabietti<\/strong>, giovane enologa con studi a Bordeaux e una solida esperienza in grandi cantine italiane, guida oggi la cantina con l\u2019obiettivo stimolante, ma non semplice, di far rinascere e far apprezzare nuovamente i vini dell\u2019antica Roma, in particolare il C\u00e8cubo, il vino\u00a0era gi\u00e0 noto pi\u00f9 di duemila anni fa, ma com\u2019era veramente rimane un mistero. A Chiara Fabietti spetta il difficile, ma affascinante, compito di riscoprire questa archeologia vinicola, tra vigna e cantina.<\/span><\/p>\n<p>[\/vc_column_text][\/vc_column][\/vc_row]<\/p>\n<\/div>","protected":false},"excerpt":{"rendered":"<p>[vc_row][vc_column width=&#8220;2\/6&#8243;][vc_column_text css=&#8220;&#8220;] CAECUBUS AGER Im antiken Rom waren die Weine Caecubum und Falernum besonders begehrt, sie stritten bis zum Beginn der Herrschaft des Augustus um den ersten Platz. Gaius Plinius, genannt der \u00c4ltere, hatte keine Zweifel: An erster Stelle stand das Caecubum (Cecubo). Heute versucht eine engagierte \u00d6nologin, es in seinem historischen Anbaugebiet zwischen<\/p>\n<div class=\"klb-readmore\"><a href=\"https:\/\/alimentariarrigoni.it\/de\/prodotto\/abbuoto-filari-san-raffaele-lazio-igt-monti-cecubi-2022\/\" class=\"btn\">READ MORE<\/a><\/div>\n","protected":false},"featured_media":12148,"template":"","meta":[],"product_brand":[],"product_cat":[1424,1425,1426],"product_tag":[1396],"class_list":{"0":"post-12236","1":"product","2":"type-product","3":"status-publish","4":"has-post-thumbnail","6":"product_cat-abbuoto-de","7":"product_cat-lazio-igt-de","8":"product_cat-monti-cecubi-de","9":"product_tag-botte-grande-de","10":"blog_entry clearfix","12":"first","13":"instock","14":"taxable","15":"shipping-taxable","16":"purchasable","17":"product-type-simple"},"yoast_head":"<!-- This site is optimized with the Yoast SEO Premium plugin v27.4 (Yoast SEO v27.4) - https:\/\/yoast.com\/product\/yoast-seo-premium-wordpress\/ -->\n<title>Abbuoto Filari San Raffaele Lazio IGT Monti Cecubi 2022<\/title>\n<meta name=\"description\" content=\"Abbuoto Filari San Raffaele Lazio IGT Monti Cecubi 2022\" \/>\n<meta name=\"robots\" content=\"index, follow, max-snippet:-1, max-image-preview:large, max-video-preview:-1\" \/>\n<link rel=\"canonical\" href=\"https:\/\/alimentariarrigoni.it\/de\/prodotto\/abbuoto-filari-san-raffaele-lazio-igt-monti-cecubi-2022\/\" \/>\n<meta property=\"og:locale\" content=\"de_DE\" \/>\n<meta property=\"og:type\" content=\"article\" \/>\n<meta property=\"og:title\" content=\"Abbuoto Filari San Raffaele Lazio IGT Monti Cecubi 2022\" \/>\n<meta property=\"og:description\" content=\"Abbuoto Filari San Raffaele Lazio IGT Monti Cecubi 2022\" \/>\n<meta property=\"og:url\" content=\"https:\/\/alimentariarrigoni.it\/de\/prodotto\/abbuoto-filari-san-raffaele-lazio-igt-monti-cecubi-2022\/\" \/>\n<meta property=\"og:site_name\" content=\"Alimentari Arrigoni\" \/>\n<meta property=\"article:publisher\" content=\"https:\/\/www.facebook.com\/alimentariarrigoni\/\" \/>\n<meta property=\"article:modified_time\" content=\"2025-10-16T13:48:49+00:00\" \/>\n<meta property=\"og:image\" content=\"https:\/\/alimentariarrigoni.it\/wp-content\/uploads\/2024\/10\/abbuoto-filare-san-raffaele-monti-cecubi.jpg\" \/>\n\t<meta property=\"og:image:width\" content=\"1050\" \/>\n\t<meta property=\"og:image:height\" content=\"1050\" \/>\n\t<meta property=\"og:image:type\" content=\"image\/jpeg\" \/>\n<meta name=\"twitter:card\" content=\"summary_large_image\" \/>\n<meta name=\"twitter:label1\" content=\"Gesch\u00e4tzte Lesezeit\" \/>\n\t<meta name=\"twitter:data1\" content=\"5\u00a0Minuten\" \/>\n<script type=\"application\/ld+json\" class=\"yoast-schema-graph\">{\"@context\":\"https:\\\/\\\/schema.org\",\"@graph\":[{\"@type\":\"WebPage\",\"@id\":\"https:\\\/\\\/alimentariarrigoni.it\\\/de\\\/prodotto\\\/abbuoto-filari-san-raffaele-lazio-igt-monti-cecubi-2022\\\/\",\"url\":\"https:\\\/\\\/alimentariarrigoni.it\\\/de\\\/prodotto\\\/abbuoto-filari-san-raffaele-lazio-igt-monti-cecubi-2022\\\/\",\"name\":\"Abbuoto Filari San Raffaele Lazio IGT Monti Cecubi 2022\",\"isPartOf\":{\"@id\":\"https:\\\/\\\/alimentariarrigoni.it\\\/de\\\/#website\"},\"primaryImageOfPage\":{\"@id\":\"https:\\\/\\\/alimentariarrigoni.it\\\/de\\\/prodotto\\\/abbuoto-filari-san-raffaele-lazio-igt-monti-cecubi-2022\\\/#primaryimage\"},\"image\":{\"@id\":\"https:\\\/\\\/alimentariarrigoni.it\\\/de\\\/prodotto\\\/abbuoto-filari-san-raffaele-lazio-igt-monti-cecubi-2022\\\/#primaryimage\"},\"thumbnailUrl\":\"https:\\\/\\\/alimentariarrigoni.it\\\/wp-content\\\/uploads\\\/2024\\\/10\\\/abbuoto-filare-san-raffaele-monti-cecubi.jpg\",\"datePublished\":\"2024-12-09T14:17:00+00:00\",\"dateModified\":\"2025-10-16T13:48:49+00:00\",\"description\":\"Abbuoto Filari San Raffaele Lazio IGT Monti Cecubi 2022\",\"breadcrumb\":{\"@id\":\"https:\\\/\\\/alimentariarrigoni.it\\\/de\\\/prodotto\\\/abbuoto-filari-san-raffaele-lazio-igt-monti-cecubi-2022\\\/#breadcrumb\"},\"inLanguage\":\"de\",\"potentialAction\":[{\"@type\":\"ReadAction\",\"target\":[\"https:\\\/\\\/alimentariarrigoni.it\\\/de\\\/prodotto\\\/abbuoto-filari-san-raffaele-lazio-igt-monti-cecubi-2022\\\/\"]}]},{\"@type\":\"ImageObject\",\"inLanguage\":\"de\",\"@id\":\"https:\\\/\\\/alimentariarrigoni.it\\\/de\\\/prodotto\\\/abbuoto-filari-san-raffaele-lazio-igt-monti-cecubi-2022\\\/#primaryimage\",\"url\":\"https:\\\/\\\/alimentariarrigoni.it\\\/wp-content\\\/uploads\\\/2024\\\/10\\\/abbuoto-filare-san-raffaele-monti-cecubi.jpg\",\"contentUrl\":\"https:\\\/\\\/alimentariarrigoni.it\\\/wp-content\\\/uploads\\\/2024\\\/10\\\/abbuoto-filare-san-raffaele-monti-cecubi.jpg\",\"width\":1050,\"height\":1050,\"caption\":\"abbuoto-filare-san-raffaele-monti-cecubi\"},{\"@type\":\"BreadcrumbList\",\"@id\":\"https:\\\/\\\/alimentariarrigoni.it\\\/de\\\/prodotto\\\/abbuoto-filari-san-raffaele-lazio-igt-monti-cecubi-2022\\\/#breadcrumb\",\"itemListElement\":[{\"@type\":\"ListItem\",\"position\":1,\"name\":\"Home\",\"item\":\"https:\\\/\\\/alimentariarrigoni.it\\\/de\\\/\"},{\"@type\":\"ListItem\",\"position\":2,\"name\":\"Shop\",\"item\":\"https:\\\/\\\/alimentariarrigoni.it\\\/de\\\/shop\\\/\"},{\"@type\":\"ListItem\",\"position\":3,\"name\":\"Abbuoto Filari San Raffaele Lazio IGT Monti Cecubi 2022\"}]},{\"@type\":\"WebSite\",\"@id\":\"https:\\\/\\\/alimentariarrigoni.it\\\/de\\\/#website\",\"url\":\"https:\\\/\\\/alimentariarrigoni.it\\\/de\\\/\",\"name\":\"Alimentari Arrigoni\",\"description\":\"\",\"publisher\":{\"@id\":\"https:\\\/\\\/alimentariarrigoni.it\\\/de\\\/#organization\"},\"potentialAction\":[{\"@type\":\"SearchAction\",\"target\":{\"@type\":\"EntryPoint\",\"urlTemplate\":\"https:\\\/\\\/alimentariarrigoni.it\\\/de\\\/?s={search_term_string}\"},\"query-input\":{\"@type\":\"PropertyValueSpecification\",\"valueRequired\":true,\"valueName\":\"search_term_string\"}}],\"inLanguage\":\"de\"},{\"@type\":\"Organization\",\"@id\":\"https:\\\/\\\/alimentariarrigoni.it\\\/de\\\/#organization\",\"name\":\"Alimentari dal 1894\",\"url\":\"https:\\\/\\\/alimentariarrigoni.it\\\/de\\\/\",\"logo\":{\"@type\":\"ImageObject\",\"inLanguage\":\"de\",\"@id\":\"https:\\\/\\\/alimentariarrigoni.it\\\/de\\\/#\\\/schema\\\/logo\\\/image\\\/\",\"url\":\"https:\\\/\\\/alimentariarrigoni.it\\\/wp-content\\\/uploads\\\/2022\\\/02\\\/logo-mail-mod.-comp.jpg\",\"contentUrl\":\"https:\\\/\\\/alimentariarrigoni.it\\\/wp-content\\\/uploads\\\/2022\\\/02\\\/logo-mail-mod.-comp.jpg\",\"width\":315,\"height\":100,\"caption\":\"Alimentari dal 1894\"},\"image\":{\"@id\":\"https:\\\/\\\/alimentariarrigoni.it\\\/de\\\/#\\\/schema\\\/logo\\\/image\\\/\"},\"sameAs\":[\"https:\\\/\\\/www.facebook.com\\\/alimentariarrigoni\\\/\",\"https:\\\/\\\/www.instagram.com\\\/alimentariarrigoni\\\/\"]}]}<\/script>\n<!-- \/ Yoast SEO Premium plugin. -->","yoast_head_json":{"title":"Abbuoto Filari San Raffaele Lazio IGT Monti Cecubi 2022","description":"Abbuoto Filari San Raffaele Lazio IGT Monti Cecubi 2022","robots":{"index":"index","follow":"follow","max-snippet":"max-snippet:-1","max-image-preview":"max-image-preview:large","max-video-preview":"max-video-preview:-1"},"canonical":"https:\/\/alimentariarrigoni.it\/de\/prodotto\/abbuoto-filari-san-raffaele-lazio-igt-monti-cecubi-2022\/","og_locale":"de_DE","og_type":"article","og_title":"Abbuoto Filari San Raffaele Lazio IGT Monti Cecubi 2022","og_description":"Abbuoto Filari San Raffaele Lazio IGT Monti Cecubi 2022","og_url":"https:\/\/alimentariarrigoni.it\/de\/prodotto\/abbuoto-filari-san-raffaele-lazio-igt-monti-cecubi-2022\/","og_site_name":"Alimentari Arrigoni","article_publisher":"https:\/\/www.facebook.com\/alimentariarrigoni\/","article_modified_time":"2025-10-16T13:48:49+00:00","og_image":[{"width":1050,"height":1050,"url":"https:\/\/alimentariarrigoni.it\/wp-content\/uploads\/2024\/10\/abbuoto-filare-san-raffaele-monti-cecubi.jpg","type":"image\/jpeg"}],"twitter_card":"summary_large_image","twitter_misc":{"Gesch\u00e4tzte Lesezeit":"5\u00a0Minuten"},"schema":{"@context":"https:\/\/schema.org","@graph":[{"@type":"WebPage","@id":"https:\/\/alimentariarrigoni.it\/de\/prodotto\/abbuoto-filari-san-raffaele-lazio-igt-monti-cecubi-2022\/","url":"https:\/\/alimentariarrigoni.it\/de\/prodotto\/abbuoto-filari-san-raffaele-lazio-igt-monti-cecubi-2022\/","name":"Abbuoto Filari San Raffaele Lazio IGT Monti Cecubi 2022","isPartOf":{"@id":"https:\/\/alimentariarrigoni.it\/de\/#website"},"primaryImageOfPage":{"@id":"https:\/\/alimentariarrigoni.it\/de\/prodotto\/abbuoto-filari-san-raffaele-lazio-igt-monti-cecubi-2022\/#primaryimage"},"image":{"@id":"https:\/\/alimentariarrigoni.it\/de\/prodotto\/abbuoto-filari-san-raffaele-lazio-igt-monti-cecubi-2022\/#primaryimage"},"thumbnailUrl":"https:\/\/alimentariarrigoni.it\/wp-content\/uploads\/2024\/10\/abbuoto-filare-san-raffaele-monti-cecubi.jpg","datePublished":"2024-12-09T14:17:00+00:00","dateModified":"2025-10-16T13:48:49+00:00","description":"Abbuoto Filari San Raffaele Lazio IGT Monti Cecubi 2022","breadcrumb":{"@id":"https:\/\/alimentariarrigoni.it\/de\/prodotto\/abbuoto-filari-san-raffaele-lazio-igt-monti-cecubi-2022\/#breadcrumb"},"inLanguage":"de","potentialAction":[{"@type":"ReadAction","target":["https:\/\/alimentariarrigoni.it\/de\/prodotto\/abbuoto-filari-san-raffaele-lazio-igt-monti-cecubi-2022\/"]}]},{"@type":"ImageObject","inLanguage":"de","@id":"https:\/\/alimentariarrigoni.it\/de\/prodotto\/abbuoto-filari-san-raffaele-lazio-igt-monti-cecubi-2022\/#primaryimage","url":"https:\/\/alimentariarrigoni.it\/wp-content\/uploads\/2024\/10\/abbuoto-filare-san-raffaele-monti-cecubi.jpg","contentUrl":"https:\/\/alimentariarrigoni.it\/wp-content\/uploads\/2024\/10\/abbuoto-filare-san-raffaele-monti-cecubi.jpg","width":1050,"height":1050,"caption":"abbuoto-filare-san-raffaele-monti-cecubi"},{"@type":"BreadcrumbList","@id":"https:\/\/alimentariarrigoni.it\/de\/prodotto\/abbuoto-filari-san-raffaele-lazio-igt-monti-cecubi-2022\/#breadcrumb","itemListElement":[{"@type":"ListItem","position":1,"name":"Home","item":"https:\/\/alimentariarrigoni.it\/de\/"},{"@type":"ListItem","position":2,"name":"Shop","item":"https:\/\/alimentariarrigoni.it\/de\/shop\/"},{"@type":"ListItem","position":3,"name":"Abbuoto Filari San Raffaele Lazio IGT Monti Cecubi 2022"}]},{"@type":"WebSite","@id":"https:\/\/alimentariarrigoni.it\/de\/#website","url":"https:\/\/alimentariarrigoni.it\/de\/","name":"Alimentari Arrigoni","description":"","publisher":{"@id":"https:\/\/alimentariarrigoni.it\/de\/#organization"},"potentialAction":[{"@type":"SearchAction","target":{"@type":"EntryPoint","urlTemplate":"https:\/\/alimentariarrigoni.it\/de\/?s={search_term_string}"},"query-input":{"@type":"PropertyValueSpecification","valueRequired":true,"valueName":"search_term_string"}}],"inLanguage":"de"},{"@type":"Organization","@id":"https:\/\/alimentariarrigoni.it\/de\/#organization","name":"Alimentari dal 1894","url":"https:\/\/alimentariarrigoni.it\/de\/","logo":{"@type":"ImageObject","inLanguage":"de","@id":"https:\/\/alimentariarrigoni.it\/de\/#\/schema\/logo\/image\/","url":"https:\/\/alimentariarrigoni.it\/wp-content\/uploads\/2022\/02\/logo-mail-mod.-comp.jpg","contentUrl":"https:\/\/alimentariarrigoni.it\/wp-content\/uploads\/2022\/02\/logo-mail-mod.-comp.jpg","width":315,"height":100,"caption":"Alimentari dal 1894"},"image":{"@id":"https:\/\/alimentariarrigoni.it\/de\/#\/schema\/logo\/image\/"},"sameAs":["https:\/\/www.facebook.com\/alimentariarrigoni\/","https:\/\/www.instagram.com\/alimentariarrigoni\/"]}]}},"_links":{"self":[{"href":"https:\/\/alimentariarrigoni.it\/de\/wp-json\/wp\/v2\/product\/12236","targetHints":{"allow":["GET"]}}],"collection":[{"href":"https:\/\/alimentariarrigoni.it\/de\/wp-json\/wp\/v2\/product"}],"about":[{"href":"https:\/\/alimentariarrigoni.it\/de\/wp-json\/wp\/v2\/types\/product"}],"wp:featuredmedia":[{"embeddable":true,"href":"https:\/\/alimentariarrigoni.it\/de\/wp-json\/wp\/v2\/media\/12148"}],"wp:attachment":[{"href":"https:\/\/alimentariarrigoni.it\/de\/wp-json\/wp\/v2\/media?parent=12236"}],"wp:term":[{"taxonomy":"product_brand","embeddable":true,"href":"https:\/\/alimentariarrigoni.it\/de\/wp-json\/wp\/v2\/product_brand?post=12236"},{"taxonomy":"product_cat","embeddable":true,"href":"https:\/\/alimentariarrigoni.it\/de\/wp-json\/wp\/v2\/product_cat?post=12236"},{"taxonomy":"product_tag","embeddable":true,"href":"https:\/\/alimentariarrigoni.it\/de\/wp-json\/wp\/v2\/product_tag?post=12236"}],"curies":[{"name":"wp","href":"https:\/\/api.w.org\/{rel}","templated":true}]}}